{"version":"1.0","provider_name":"KAMERAT JA OPTISET LAITTEET","provider_url":"https:\/\/www.victoriamedia.org\/ld","author_name":"Kerttu Vali","author_url":"https:\/\/www.victoriamedia.org\/ld\/author\/kerttuvali\/","title":"Ifolorille uusi Suomen toimitusjohtaja - KAMERAT JA OPTISET LAITTEET","type":"rich","width":600,"height":338,"html":"<blockquote class=\"wp-embedded-content\" data-secret=\"sr9Ry2nR6f\"><a href=\"https:\/\/www.victoriamedia.org\/ld\/ifolorille-uusi-suomen-toimitusjohtaja\/\">Ifolorille uusi Suomen toimitusjohtaja<\/a><\/blockquote><iframe sandbox=\"allow-scripts\" security=\"restricted\" src=\"https:\/\/www.victoriamedia.org\/ld\/ifolorille-uusi-suomen-toimitusjohtaja\/embed\/#?secret=sr9Ry2nR6f\" width=\"600\" height=\"338\" title=\"&#8220;Ifolorille uusi Suomen toimitusjohtaja&#8221; &#8212; KAMERAT JA OPTISET LAITTEET\" data-secret=\"sr9Ry2nR6f\" frameborder=\"0\" marginwidth=\"0\" marginheight=\"0\" scrolling=\"no\" class=\"wp-embedded-content\"><\/iframe><script type=\"text\/javascript\">\n\/* <![CDATA[ *\/\n\/*! This file is auto-generated *\/\n!function(d,l){\"use strict\";l.querySelector&&d.addEventListener&&\"undefined\"!=typeof URL&&(d.wp=d.wp||{},d.wp.receiveEmbedMessage||(d.wp.receiveEmbedMessage=function(e){var t=e.data;if((t||t.secret||t.message||t.value)&&!\/[^a-zA-Z0-9]\/.test(t.secret)){for(var s,r,n,a=l.querySelectorAll('iframe[data-secret=\"'+t.secret+'\"]'),o=l.querySelectorAll('blockquote[data-secret=\"'+t.secret+'\"]'),c=new RegExp(\"^https?:$\",\"i\"),i=0;i<o.length;i++)o[i].style.display=\"none\";for(i=0;i<a.length;i++)s=a[i],e.source===s.contentWindow&&(s.removeAttribute(\"style\"),\"height\"===t.message?(1e3<(r=parseInt(t.value,10))?r=1e3:~~r<200&&(r=200),s.height=r):\"link\"===t.message&&(r=new URL(s.getAttribute(\"src\")),n=new URL(t.value),c.test(n.protocol))&&n.host===r.host&&l.activeElement===s&&(d.top.location.href=t.value))}},d.addEventListener(\"message\",d.wp.receiveEmbedMessage,!1),l.addEventListener(\"DOMContentLoaded\",function(){for(var e,t,s=l.querySelectorAll(\"iframe.wp-embedded-content\"),r=0;r<s.length;r++)(t=(e=s[r]).getAttribute(\"data-secret\"))||(t=Math.random().toString(36).substring(2,12),e.src+=\"#?secret=\"+t,e.setAttribute(\"data-secret\",t)),e.contentWindow.postMessage({message:\"ready\",secret:t},\"*\")},!1)))}(window,document);\n\/\/# sourceURL=https:\/\/www.victoriamedia.org\/ld\/wp-includes\/js\/wp-embed.min.js\n\/* ]]> *\/\n<\/script>\n","description":"Leena Lamminen Suomen suosituin yksil\u00f6it\u00e4vien kuvatuotteiden verkkokauppa Ifolor panostaa kotimaiseen tuotantoon ja pohjoismaiseen kasvuun. Ifolor Oy:n toimitusjohtajana on toukokuussa 2013 aloittanut\u00a0Leena Lamminen. Lamminen on pitk\u00e4n linjan ifolorilainen ja h\u00e4n on ollut mukana rakentamassa Ifolorista yksil\u00f6it\u00e4vien kuvatuotteiden markkinajohtajaa vuodesta 2006 Ifolorin talousjohtajana. \u201dOlemme onnistuneet muuttamaan toimintaamme markkinamurroksen keskell\u00e4 hyvin menestyksekk\u00e4\u00e4sti ja samalla luoneet Suomeen vahvan verkkobr\u00e4ndin. [&hellip;]","thumbnail_url":"http:\/\/www.victoriamedia.org\/ld\/wp-content\/uploads\/2013\/09\/bee28d877b32c10d_800x800ar-229x300.jpg"}