{"version":"1.0","provider_name":"KALASTUSVIESTI","provider_url":"https:\/\/www.victoriamedia.org\/kalastusviesti","author_name":"kerttuvali","author_url":"https:\/\/www.victoriamedia.org\/kalastusviesti\/author\/kerttuvali\/","title":"Tenon taimen ei kest\u00e4 lis\u00e4kalastusta - KALASTUSVIESTI","type":"rich","width":600,"height":338,"html":"<blockquote class=\"wp-embedded-content\" data-secret=\"5pdZYe3Muv\"><a href=\"https:\/\/www.victoriamedia.org\/kalastusviesti\/tenon-taimen-ei-kesta-lisakalastusta\/\">Tenon taimen ei kest\u00e4 lis\u00e4kalastusta<\/a><\/blockquote><iframe sandbox=\"allow-scripts\" security=\"restricted\" src=\"https:\/\/www.victoriamedia.org\/kalastusviesti\/tenon-taimen-ei-kesta-lisakalastusta\/embed\/#?secret=5pdZYe3Muv\" width=\"600\" height=\"338\" title=\"&#8220;Tenon taimen ei kest\u00e4 lis\u00e4kalastusta&#8221; &#8212; KALASTUSVIESTI\" data-secret=\"5pdZYe3Muv\" frameborder=\"0\" marginwidth=\"0\" marginheight=\"0\" scrolling=\"no\" class=\"wp-embedded-content\"><\/iframe><script type=\"text\/javascript\">\n\/* <![CDATA[ *\/\n\/*! This file is auto-generated *\/\n!function(d,l){\"use strict\";l.querySelector&&d.addEventListener&&\"undefined\"!=typeof URL&&(d.wp=d.wp||{},d.wp.receiveEmbedMessage||(d.wp.receiveEmbedMessage=function(e){var t=e.data;if((t||t.secret||t.message||t.value)&&!\/[^a-zA-Z0-9]\/.test(t.secret)){for(var s,r,n,a=l.querySelectorAll('iframe[data-secret=\"'+t.secret+'\"]'),o=l.querySelectorAll('blockquote[data-secret=\"'+t.secret+'\"]'),c=new RegExp(\"^https?:$\",\"i\"),i=0;i<o.length;i++)o[i].style.display=\"none\";for(i=0;i<a.length;i++)s=a[i],e.source===s.contentWindow&&(s.removeAttribute(\"style\"),\"height\"===t.message?(1e3<(r=parseInt(t.value,10))?r=1e3:~~r<200&&(r=200),s.height=r):\"link\"===t.message&&(r=new URL(s.getAttribute(\"src\")),n=new URL(t.value),c.test(n.protocol))&&n.host===r.host&&l.activeElement===s&&(d.top.location.href=t.value))}},d.addEventListener(\"message\",d.wp.receiveEmbedMessage,!1),l.addEventListener(\"DOMContentLoaded\",function(){for(var e,t,s=l.querySelectorAll(\"iframe.wp-embedded-content\"),r=0;r<s.length;r++)(t=(e=s[r]).getAttribute(\"data-secret\"))||(t=Math.random().toString(36).substring(2,12),e.src+=\"#?secret=\"+t,e.setAttribute(\"data-secret\",t)),e.contentWindow.postMessage({message:\"ready\",secret:t},\"*\")},!1)))}(window,document);\n\/\/# sourceURL=https:\/\/www.victoriamedia.org\/kalastusviesti\/wp-includes\/js\/wp-embed.min.js\n\/* ]]> *\/\n<\/script>\n","description":"Kuva: Panu Orell Riista- ja kalatalouden tutkimuslaitoksen (RKTL) tuoreiden tutkimustulosten perusteella Tenojoen meritaimenen kalastuskauden jatkamiselle ei ole biologisia edellytyksi\u00e4. Kalastus verottaa jo nykyisell\u00e4\u00e4n voimakkaasti vesist\u00f6n taimenkantoja niiden elinkierron eri vaiheissa. Tenojoen meritaimenen kalastuskauden jatkaminen on noussut s\u00e4\u00e4nn\u00f6llisesti esille vesist\u00f6n kalakantojen hy\u00f6dynt\u00e4mist\u00e4 ja hoitoa suunniteltaessa, sill\u00e4 osa meritaimenista nousee Tenoon vasta kalastuskauden p\u00e4\u00e4ttymisen (31.8.) j\u00e4lkeen. Kalastuskauden [&hellip;]","thumbnail_url":"http:\/\/www.victoriamedia.org\/kalastusviesti\/wp-content\/uploads\/2014\/06\/meritaimen_panu_orell.jpg"}