{"version":"1.0","provider_name":"KALASTUSVIESTI","provider_url":"https:\/\/www.victoriamedia.org\/kalastusviesti","author_name":"kerttuvali","author_url":"https:\/\/www.victoriamedia.org\/kalastusviesti\/author\/kerttuvali\/","title":"Pilkkij\u00e4n kalastuskausi huipentuu kev\u00e4tj\u00e4ill\u00e4 - KALASTUSVIESTI","type":"rich","width":600,"height":338,"html":"<blockquote class=\"wp-embedded-content\" data-secret=\"YnjVv8tZtS\"><a href=\"https:\/\/www.victoriamedia.org\/kalastusviesti\/pilkkijan-kalastuskausi-huipentuu-kevatjailla\/\">Pilkkij\u00e4n kalastuskausi huipentuu kev\u00e4tj\u00e4ill\u00e4<\/a><\/blockquote><iframe sandbox=\"allow-scripts\" security=\"restricted\" src=\"https:\/\/www.victoriamedia.org\/kalastusviesti\/pilkkijan-kalastuskausi-huipentuu-kevatjailla\/embed\/#?secret=YnjVv8tZtS\" width=\"600\" height=\"338\" title=\"&#8220;Pilkkij\u00e4n kalastuskausi huipentuu kev\u00e4tj\u00e4ill\u00e4&#8221; &#8212; KALASTUSVIESTI\" data-secret=\"YnjVv8tZtS\" frameborder=\"0\" marginwidth=\"0\" marginheight=\"0\" scrolling=\"no\" class=\"wp-embedded-content\"><\/iframe><script type=\"text\/javascript\">\n\/* <![CDATA[ *\/\n\/*! This file is auto-generated *\/\n!function(d,l){\"use strict\";l.querySelector&&d.addEventListener&&\"undefined\"!=typeof URL&&(d.wp=d.wp||{},d.wp.receiveEmbedMessage||(d.wp.receiveEmbedMessage=function(e){var t=e.data;if((t||t.secret||t.message||t.value)&&!\/[^a-zA-Z0-9]\/.test(t.secret)){for(var s,r,n,a=l.querySelectorAll('iframe[data-secret=\"'+t.secret+'\"]'),o=l.querySelectorAll('blockquote[data-secret=\"'+t.secret+'\"]'),c=new RegExp(\"^https?:$\",\"i\"),i=0;i<o.length;i++)o[i].style.display=\"none\";for(i=0;i<a.length;i++)s=a[i],e.source===s.contentWindow&&(s.removeAttribute(\"style\"),\"height\"===t.message?(1e3<(r=parseInt(t.value,10))?r=1e3:~~r<200&&(r=200),s.height=r):\"link\"===t.message&&(r=new URL(s.getAttribute(\"src\")),n=new URL(t.value),c.test(n.protocol))&&n.host===r.host&&l.activeElement===s&&(d.top.location.href=t.value))}},d.addEventListener(\"message\",d.wp.receiveEmbedMessage,!1),l.addEventListener(\"DOMContentLoaded\",function(){for(var e,t,s=l.querySelectorAll(\"iframe.wp-embedded-content\"),r=0;r<s.length;r++)(t=(e=s[r]).getAttribute(\"data-secret\"))||(t=Math.random().toString(36).substring(2,12),e.src+=\"#?secret=\"+t,e.setAttribute(\"data-secret\",t)),e.contentWindow.postMessage({message:\"ready\",secret:t},\"*\")},!1)))}(window,document);\n\/\/# sourceURL=https:\/\/www.victoriamedia.org\/kalastusviesti\/wp-includes\/js\/wp-embed.min.js\n\/* ]]> *\/\n<\/script>\n","description":"Kuva: Janne Rautanen Kev\u00e4t on pilkkikalastajan huippukautta. Lumien sulettua j\u00e4\u00e4n p\u00e4\u00e4lt\u00e4 lis\u00e4\u00e4ntynyt valo aktivoi kalat sy\u00f6m\u00e4\u00e4n. V\u00e4h\u00e4lumisella j\u00e4\u00e4ll\u00e4 liikkuminen on helppoa. Kev\u00e4tpilkkij\u00e4 tavoittelee erityisesti ahvenia, mutta my\u00f6s kuhat, siiat ja hauet haksahtavat vieheisiin. Kahden heikkoj\u00e4isen talven j\u00e4lkeen saatiin vihdoin pilkkikalastusta suosiva kev\u00e4t. J\u00e4iden tulo viiv\u00e4styi, mutta tammi- ja helmikuun pakkaset vahvistivat j\u00e4\u00e4t hyv\u00e4\u00e4n kuntoon.\u00a0 Jo [&hellip;]","thumbnail_url":"http:\/\/www.victoriamedia.org\/kalastusviesti\/wp-content\/uploads\/2016\/03\/Pilkkiahvenet2016.jpg"}